{"id":128,"date":"2020-02-19T20:37:29","date_gmt":"2020-02-19T19:37:29","guid":{"rendered":"http:\/\/ateneu24dejuny.cat\/?page_id=128"},"modified":"2024-08-18T18:58:58","modified_gmt":"2024-08-18T16:58:58","slug":"portada","status":"publish","type":"page","link":"http:\/\/ateneu24dejuny.cat\/","title":{"rendered":"Ateneu 24 de Juny"},"content":{"rendered":"<h1 align=\"center\">Ateneu 24 de Juny<\/h1>\n<\/p>\n<table>\n<tbody>\n<tr>\n<th><span style=\"font-size: x-large;\">Qui Som<\/span><\/th>\n<th><span style=\"font-size: x-large;\">Per qu\u00e8 24 de juny?<\/span><\/th>\n<\/tr>\n<tr>\n<td colspan=\"\">L&#8217;Ateneu 24 de Juny, casal independentista i popular giron\u00ed, va n\u00e9ixer a finals d&#8217;estiu de 1998 com un espai de trobada, de treball, de formaci\u00f3 i debat amb una perspectiva independentista i d&#8217;esquerres. Amb la voluntat de recollir la llarga tradici\u00f3 que en aquest pa\u00eds han tingut els casals i &#8216;ateneus.Les nostres inquietuds tamb\u00e9 es mouen en els eixos de l&#8217;ecologia, l&#8217;alliberament sexual, els drets socials, la defensa de la llengua, la solidaritat internacional, l&#8217;alliberament dels pobles, els Drets Humans, entre d&#8217;altres.<\/td>\n<td colspan=\"\">El dia 24 de juny, el solstici d&#8217;estiu o de Sant Joan, \u00e9s una diada celebrada a tots els racons dels Pa\u00efsos Catalans.Les falles i les fogueres de la revetlla cremen de Fraga a Ma\u00f3 i de Salses a Guardamar. S\u00f3n sens dubte un s\u00edmbol popular d&#8217;identitat i d&#8217;unitat, com cap altra, de la nostra Naci\u00f3. Per aix\u00f2, posar aquest nom a l&#8217;Ateneu \u00e9s un reconeixement a aquesta data com a Diada dels Pa\u00efsos Catalans.<\/td>\n<\/tr>\n<tr>\n<th colspan=\"2\"><span style=\"font-size: x-large;\">On trobar-nos<\/span><\/th>\n<\/tr>\n<th>\n<p>Obert els vespres:<br \/>\nDijous de 8 a 11<br \/>\nDivendres de 8 a 12<br \/>\nDissabte de 8 a 12<br \/>\n<!--  \nObert al migdia:\nDissabte de 12 a dos quarts de 3\n--><\/p>\n<p>Ateneu 24 de juny<br \/>\nC\/ Ferreries Velles, 11, baixos 3<br \/>\n17004 \u2013 Girona<br \/>\nPa\u00efsos Catalans<br \/>\n<a href=\"http:\/\/ateneu24dejuny.cat\/index.php\/contacte\/\" target=\"_blank\" rel=\"noopener noreferrer\">Contacte<\/a>\n<\/th>\n<td>\n<div class=\"mapouter\">\n<div class=\"gmap_canvas\"><iframe loading=\"lazy\" width=\"500\" height=\"500\" id=\"gmap_canvas\" src=\"https:\/\/maps.google.com\/maps?q=ateneu%2024%20de%20juny&#038;t=&#038;z=19&#038;ie=UTF8&#038;iwloc=&#038;output=embed\" frameborder=\"0\" scrolling=\"no\" marginheight=\"0\" marginwidth=\"0\"><\/iframe><a href=\"https:\/\/www.whatismyip-address.com\/nordvpn-coupon\/\">coupon for nordvpn<\/a><\/div>\n<style>.mapouter{position:relative;text-align:right;height:500px;width:500px;}.gmap_canvas {overflow:hidden;background:none!important;height:500px;width:500px;}<\/style>\n<\/div>\n<\/td>\n<\/tbody>\n<\/table>\n","protected":false},"excerpt":{"rendered":"<p>Ateneu 24 de Juny Qui Som Per qu\u00e8 24 de juny? L&#8217;Ateneu 24 de Juny, casal independentista i popular giron\u00ed, va n\u00e9ixer a finals d&#8217;estiu de 1998 com un espai de trobada, de treball, de formaci\u00f3 i debat amb una perspectiva independentista i d&#8217;esquerres. Amb la voluntat de recollir la &hellip;<\/p>\n","protected":false},"author":1,"featured_media":0,"parent":0,"menu_order":0,"comment_status":"closed","ping_status":"closed","template":"","meta":{"_mc_calendar":[],"footnotes":""},"class_list":["post-128","page","type-page","status-publish","hentry"],"aioseo_notices":[],"_links":{"self":[{"href":"http:\/\/ateneu24dejuny.cat\/index.php\/wp-json\/wp\/v2\/pages\/128","targetHints":{"allow":["GET"]}}],"collection":[{"href":"http:\/\/ateneu24dejuny.cat\/index.php\/wp-json\/wp\/v2\/pages"}],"about":[{"href":"http:\/\/ateneu24dejuny.cat\/index.php\/wp-json\/wp\/v2\/types\/page"}],"author":[{"embeddable":true,"href":"http:\/\/ateneu24dejuny.cat\/index.php\/wp-json\/wp\/v2\/users\/1"}],"replies":[{"embeddable":true,"href":"http:\/\/ateneu24dejuny.cat\/index.php\/wp-json\/wp\/v2\/comments?post=128"}],"version-history":[{"count":128,"href":"http:\/\/ateneu24dejuny.cat\/index.php\/wp-json\/wp\/v2\/pages\/128\/revisions"}],"predecessor-version":[{"id":9227,"href":"http:\/\/ateneu24dejuny.cat\/index.php\/wp-json\/wp\/v2\/pages\/128\/revisions\/9227"}],"wp:attachment":[{"href":"http:\/\/ateneu24dejuny.cat\/index.php\/wp-json\/wp\/v2\/media?parent=128"}],"curies":[{"name":"wp","href":"https:\/\/api.w.org\/{rel}","templated":true}]}}