{"id":59,"date":"2020-02-12T20:14:29","date_gmt":"2020-02-12T19:14:29","guid":{"rendered":"http:\/\/ateneu24dejuny.cat\/?page_id=59"},"modified":"2020-08-05T19:26:39","modified_gmt":"2020-08-05T17:26:39","slug":"presentacions-i-xerrades","status":"publish","type":"page","link":"http:\/\/ateneu24dejuny.cat\/index.php\/presentacions-i-xerrades\/","title":{"rendered":"Presentacions i xerrades"},"content":{"rendered":"<h4 align=\"center\">Presentacions i xerrades<\/h4>\n<p>La formaci\u00f3 i el debat \u00e9s una pe\u00e7a clau en el concepte de l\u2019Ateneu, per aquest motiu s\u2019intenten organitzar activitats per estimular la reflexi\u00f3 i el pensament cr\u00edtic a trav\u00e9s de taules rodones, xerrades informatives, debats i presentacions de llibres, tant d\u2019assaig, novel\u00b7la o poesia. Malgrat que molta informaci\u00f3 es pot trobar a la xarxa, valorem la import\u00e0ncia de la trobada, de confrontar idees i tenir la informaci\u00f3 de primera m\u00e0. Aix\u00ed com en les presentacions de llibres, gaudim fent coneixen\u00e7a amb els autors i autores i poder aprofundir en el seu pensament.<\/p>\n<li><a href =\"http:\/\/ateneu24dejuny.cat\/index.php\/el-tercer-dijous\/\">El tercer dijous<\/a><br \/>\n<table>\n<Th>Presentacions de llibres<\/th>\n<tr>\n<td><a href=\"http:\/\/ateneu24dejuny.cat\/wp-content\/uploads\/2020\/05\/2020-03-28-Dem\u00e0-tindrem-sort.jpeg\" target=\" _blank\" rel=\"noopener noreferrer\"><img loading=\"lazy\" decoding=\"async\" src=\"http:\/\/ateneu24dejuny.cat\/wp-content\/uploads\/2020\/05\/2020-03-28-Dem\u00e0-tindrem-sort-212x300.jpeg\" alt=\"\" width=\"212\" height=\"300\" class=\"alignnone size-medium wp-image-579\" srcset=\"http:\/\/ateneu24dejuny.cat\/wp-content\/uploads\/2020\/05\/2020-03-28-Dem\u00e0-tindrem-sort-212x300.jpeg 212w, http:\/\/ateneu24dejuny.cat\/wp-content\/uploads\/2020\/05\/2020-03-28-Dem\u00e0-tindrem-sort-724x1024.jpeg 724w, http:\/\/ateneu24dejuny.cat\/wp-content\/uploads\/2020\/05\/2020-03-28-Dem\u00e0-tindrem-sort-768x1086.jpeg 768w, http:\/\/ateneu24dejuny.cat\/wp-content\/uploads\/2020\/05\/2020-03-28-Dem\u00e0-tindrem-sort-1086x1536.jpeg 1086w, http:\/\/ateneu24dejuny.cat\/wp-content\/uploads\/2020\/05\/2020-03-28-Dem\u00e0-tindrem-sort-248x350.jpeg 248w, http:\/\/ateneu24dejuny.cat\/wp-content\/uploads\/2020\/05\/2020-03-28-Dem\u00e0-tindrem-sort.jpeg 1131w\" sizes=\"auto, (max-width: 212px) 100vw, 212px\" \/><\/a><\/td>\n<td><a href=\"http:\/\/ateneu24dejuny.cat\/wp-content\/uploads\/2020\/05\/2019-11-30-Jordi-Navarro.jpg\" target=\" _blank\" rel=\"noopener noreferrer\"><img loading=\"lazy\" decoding=\"async\" src=\"http:\/\/ateneu24dejuny.cat\/wp-content\/uploads\/2020\/05\/2019-11-30-Jordi-Navarro-212x300.jpg\" alt=\"\" width=\"212\" height=\"300\" class=\"alignnone size-medium wp-image-578\" srcset=\"http:\/\/ateneu24dejuny.cat\/wp-content\/uploads\/2020\/05\/2019-11-30-Jordi-Navarro-212x300.jpg 212w, http:\/\/ateneu24dejuny.cat\/wp-content\/uploads\/2020\/05\/2019-11-30-Jordi-Navarro-724x1024.jpg 724w, http:\/\/ateneu24dejuny.cat\/wp-content\/uploads\/2020\/05\/2019-11-30-Jordi-Navarro-768x1086.jpg 768w, http:\/\/ateneu24dejuny.cat\/wp-content\/uploads\/2020\/05\/2019-11-30-Jordi-Navarro-1087x1536.jpg 1087w, http:\/\/ateneu24dejuny.cat\/wp-content\/uploads\/2020\/05\/2019-11-30-Jordi-Navarro-248x350.jpg 248w, http:\/\/ateneu24dejuny.cat\/wp-content\/uploads\/2020\/05\/2019-11-30-Jordi-Navarro.jpg 1170w\" sizes=\"auto, (max-width: 212px) 100vw, 212px\" \/><\/a><\/td>\n<td><a href=\"http:\/\/ateneu24dejuny.cat\/wp-content\/uploads\/2020\/05\/2019-03-22Albert-Tudela.jpg\" target=\" _blank\" rel=\"noopener noreferrer\"><img loading=\"lazy\" decoding=\"async\" src=\"http:\/\/ateneu24dejuny.cat\/wp-content\/uploads\/2020\/05\/2019-03-22Albert-Tudela-212x300.jpg\" alt=\"\" width=\"212\" height=\"300\" class=\"alignnone size-medium wp-image-576\" srcset=\"http:\/\/ateneu24dejuny.cat\/wp-content\/uploads\/2020\/05\/2019-03-22Albert-Tudela-212x300.jpg 212w, http:\/\/ateneu24dejuny.cat\/wp-content\/uploads\/2020\/05\/2019-03-22Albert-Tudela-724x1024.jpg 724w, http:\/\/ateneu24dejuny.cat\/wp-content\/uploads\/2020\/05\/2019-03-22Albert-Tudela-768x1086.jpg 768w, http:\/\/ateneu24dejuny.cat\/wp-content\/uploads\/2020\/05\/2019-03-22Albert-Tudela-1086x1536.jpg 1086w, http:\/\/ateneu24dejuny.cat\/wp-content\/uploads\/2020\/05\/2019-03-22Albert-Tudela-248x350.jpg 248w, http:\/\/ateneu24dejuny.cat\/wp-content\/uploads\/2020\/05\/2019-03-22Albert-Tudela.jpg 1131w\" sizes=\"auto, (max-width: 212px) 100vw, 212px\" \/><\/a><\/td>\n<\/tr>\n<p><Th>Xerrades<\/th>\n<tr>\n<td><a href=\"http:\/\/ateneu24dejuny.cat\/wp-content\/uploads\/2020\/05\/IMG-20190503-WA0003.jpg\" target=\" _blank\" rel=\"noopener noreferrer\"><img loading=\"lazy\" decoding=\"async\" src=\"http:\/\/ateneu24dejuny.cat\/wp-content\/uploads\/2020\/05\/IMG-20190503-WA0003-212x300.jpg\" alt=\"\" width=\"212\" height=\"300\" class=\"alignnone size-medium wp-image-581\" srcset=\"http:\/\/ateneu24dejuny.cat\/wp-content\/uploads\/2020\/05\/IMG-20190503-WA0003-212x300.jpg 212w, http:\/\/ateneu24dejuny.cat\/wp-content\/uploads\/2020\/05\/IMG-20190503-WA0003-724x1024.jpg 724w, http:\/\/ateneu24dejuny.cat\/wp-content\/uploads\/2020\/05\/IMG-20190503-WA0003-768x1086.jpg 768w, http:\/\/ateneu24dejuny.cat\/wp-content\/uploads\/2020\/05\/IMG-20190503-WA0003-1086x1536.jpg 1086w, http:\/\/ateneu24dejuny.cat\/wp-content\/uploads\/2020\/05\/IMG-20190503-WA0003-248x350.jpg 248w, http:\/\/ateneu24dejuny.cat\/wp-content\/uploads\/2020\/05\/IMG-20190503-WA0003.jpg 1131w\" sizes=\"auto, (max-width: 212px) 100vw, 212px\" \/><\/a><\/td>\n<td><a href=\"http:\/\/ateneu24dejuny.cat\/wp-content\/uploads\/2020\/05\/2019-03-09Cicle-feminista.jpg\" target=\" _blank\" rel=\"noopener noreferrer\"><img loading=\"lazy\" decoding=\"async\" src=\"http:\/\/ateneu24dejuny.cat\/wp-content\/uploads\/2020\/05\/2019-03-09Cicle-feminista-212x300.jpg\" alt=\"\" width=\"212\" height=\"300\" class=\"alignnone size-medium wp-image-580\" srcset=\"http:\/\/ateneu24dejuny.cat\/wp-content\/uploads\/2020\/05\/2019-03-09Cicle-feminista-212x300.jpg 212w, http:\/\/ateneu24dejuny.cat\/wp-content\/uploads\/2020\/05\/2019-03-09Cicle-feminista-724x1024.jpg 724w, http:\/\/ateneu24dejuny.cat\/wp-content\/uploads\/2020\/05\/2019-03-09Cicle-feminista-768x1086.jpg 768w, http:\/\/ateneu24dejuny.cat\/wp-content\/uploads\/2020\/05\/2019-03-09Cicle-feminista-1086x1536.jpg 1086w, http:\/\/ateneu24dejuny.cat\/wp-content\/uploads\/2020\/05\/2019-03-09Cicle-feminista-248x350.jpg 248w, http:\/\/ateneu24dejuny.cat\/wp-content\/uploads\/2020\/05\/2019-03-09Cicle-feminista.jpg 1131w\" sizes=\"auto, (max-width: 212px) 100vw, 212px\" \/><\/a><\/td>\n<td><a href=\"http:\/\/ateneu24dejuny.cat\/wp-content\/uploads\/2020\/05\/WhatsApp-Image-2019-04-22-at-21.01.23.jpeg\" target=\" _blank\" rel=\"noopener noreferrer\"><img loading=\"lazy\" decoding=\"async\" src=\"http:\/\/ateneu24dejuny.cat\/wp-content\/uploads\/2020\/05\/WhatsApp-Image-2019-04-22-at-21.01.23-300x300.jpeg\" alt=\"\" width=\"300\" height=\"300\" class=\"alignnone size-medium wp-image-575\" srcset=\"http:\/\/ateneu24dejuny.cat\/wp-content\/uploads\/2020\/05\/WhatsApp-Image-2019-04-22-at-21.01.23-300x300.jpeg 300w, http:\/\/ateneu24dejuny.cat\/wp-content\/uploads\/2020\/05\/WhatsApp-Image-2019-04-22-at-21.01.23-1024x1024.jpeg 1024w, http:\/\/ateneu24dejuny.cat\/wp-content\/uploads\/2020\/05\/WhatsApp-Image-2019-04-22-at-21.01.23-150x150.jpeg 150w, http:\/\/ateneu24dejuny.cat\/wp-content\/uploads\/2020\/05\/WhatsApp-Image-2019-04-22-at-21.01.23-768x768.jpeg 768w, http:\/\/ateneu24dejuny.cat\/wp-content\/uploads\/2020\/05\/WhatsApp-Image-2019-04-22-at-21.01.23-350x350.jpeg 350w, http:\/\/ateneu24dejuny.cat\/wp-content\/uploads\/2020\/05\/WhatsApp-Image-2019-04-22-at-21.01.23-400x400.jpeg 400w, http:\/\/ateneu24dejuny.cat\/wp-content\/uploads\/2020\/05\/WhatsApp-Image-2019-04-22-at-21.01.23.jpeg 1500w\" sizes=\"auto, (max-width: 300px) 100vw, 300px\" \/><\/a><\/td>\n<\/tr>\n<p><Th>Altes Activitats<\/th>\n<tr>\n<td><a href=\"http:\/\/ateneu24dejuny.cat\/wp-content\/uploads\/2020\/05\/IMG-20190413-WA0011.jpg\" target=\" _blank\" rel=\"noopener noreferrer\"><img loading=\"lazy\" decoding=\"async\" src=\"http:\/\/ateneu24dejuny.cat\/wp-content\/uploads\/2020\/05\/IMG-20190413-WA0011-212x300.jpg\" alt=\"\" width=\"212\" height=\"300\" class=\"alignnone size-medium wp-image-587\" srcset=\"http:\/\/ateneu24dejuny.cat\/wp-content\/uploads\/2020\/05\/IMG-20190413-WA0011-212x300.jpg 212w, http:\/\/ateneu24dejuny.cat\/wp-content\/uploads\/2020\/05\/IMG-20190413-WA0011-724x1024.jpg 724w, http:\/\/ateneu24dejuny.cat\/wp-content\/uploads\/2020\/05\/IMG-20190413-WA0011-768x1086.jpg 768w, http:\/\/ateneu24dejuny.cat\/wp-content\/uploads\/2020\/05\/IMG-20190413-WA0011-1086x1536.jpg 1086w, http:\/\/ateneu24dejuny.cat\/wp-content\/uploads\/2020\/05\/IMG-20190413-WA0011-248x350.jpg 248w, http:\/\/ateneu24dejuny.cat\/wp-content\/uploads\/2020\/05\/IMG-20190413-WA0011.jpg 1131w\" sizes=\"auto, (max-width: 212px) 100vw, 212px\" \/><\/a><\/td>\n<td><a href=\"http:\/\/ateneu24dejuny.cat\/wp-content\/uploads\/2020\/05\/2019-12-20-Mag-S\u00e0bat.jpeg\" target=\" _blank\" rel=\"noopener noreferrer\"><img loading=\"lazy\" decoding=\"async\" src=\"http:\/\/ateneu24dejuny.cat\/wp-content\/uploads\/2020\/05\/2019-12-20-Mag-S\u00e0bat-212x300.jpeg\" alt=\"\" width=\"212\" height=\"300\" class=\"alignnone size-medium wp-image-586\" srcset=\"http:\/\/ateneu24dejuny.cat\/wp-content\/uploads\/2020\/05\/2019-12-20-Mag-S\u00e0bat-212x300.jpeg 212w, http:\/\/ateneu24dejuny.cat\/wp-content\/uploads\/2020\/05\/2019-12-20-Mag-S\u00e0bat-724x1024.jpeg 724w, http:\/\/ateneu24dejuny.cat\/wp-content\/uploads\/2020\/05\/2019-12-20-Mag-S\u00e0bat-768x1086.jpeg 768w, http:\/\/ateneu24dejuny.cat\/wp-content\/uploads\/2020\/05\/2019-12-20-Mag-S\u00e0bat-1087x1536.jpeg 1087w, http:\/\/ateneu24dejuny.cat\/wp-content\/uploads\/2020\/05\/2019-12-20-Mag-S\u00e0bat-248x350.jpeg 248w, http:\/\/ateneu24dejuny.cat\/wp-content\/uploads\/2020\/05\/2019-12-20-Mag-S\u00e0bat.jpeg 1170w\" sizes=\"auto, (max-width: 212px) 100vw, 212px\" \/><\/a><\/td>\n<td><a href=\"http:\/\/ateneu24dejuny.cat\/wp-content\/uploads\/2020\/05\/2019-02-01Il\u00b7lusionisme.jpg\" target=\" _blank\" rel=\"noopener noreferrer\"><img loading=\"lazy\" decoding=\"async\" src=\"http:\/\/ateneu24dejuny.cat\/wp-content\/uploads\/2020\/05\/2019-02-01Il\u00b7lusionisme-212x300.jpg\" alt=\"\" width=\"212\" height=\"300\" class=\"alignnone size-medium wp-image-584\" srcset=\"http:\/\/ateneu24dejuny.cat\/wp-content\/uploads\/2020\/05\/2019-02-01Il\u00b7lusionisme-212x300.jpg 212w, http:\/\/ateneu24dejuny.cat\/wp-content\/uploads\/2020\/05\/2019-02-01Il\u00b7lusionisme-724x1024.jpg 724w, http:\/\/ateneu24dejuny.cat\/wp-content\/uploads\/2020\/05\/2019-02-01Il\u00b7lusionisme-768x1086.jpg 768w, http:\/\/ateneu24dejuny.cat\/wp-content\/uploads\/2020\/05\/2019-02-01Il\u00b7lusionisme-1086x1536.jpg 1086w, http:\/\/ateneu24dejuny.cat\/wp-content\/uploads\/2020\/05\/2019-02-01Il\u00b7lusionisme-247x350.jpg 247w, http:\/\/ateneu24dejuny.cat\/wp-content\/uploads\/2020\/05\/2019-02-01Il\u00b7lusionisme.jpg 1131w\" sizes=\"auto, (max-width: 212px) 100vw, 212px\" \/><\/a><\/td>\n<\/table>\n","protected":false},"excerpt":{"rendered":"<p>Presentacions i xerrades La formaci\u00f3 i el debat \u00e9s una pe\u00e7a clau en el concepte de l\u2019Ateneu, per aquest motiu s\u2019intenten organitzar activitats per estimular la reflexi\u00f3 i el pensament cr\u00edtic a trav\u00e9s de taules rodones, xerrades informatives, debats i presentacions de llibres, tant d\u2019assaig, novel\u00b7la o poesia. Malgrat que &hellip;<\/p>\n","protected":false},"author":1,"featured_media":0,"parent":0,"menu_order":0,"comment_status":"closed","ping_status":"closed","template":"","meta":{"_mc_calendar":[],"footnotes":""},"class_list":["post-59","page","type-page","status-publish","hentry"],"aioseo_notices":[],"_links":{"self":[{"href":"http:\/\/ateneu24dejuny.cat\/index.php\/wp-json\/wp\/v2\/pages\/59","targetHints":{"allow":["GET"]}}],"collection":[{"href":"http:\/\/ateneu24dejuny.cat\/index.php\/wp-json\/wp\/v2\/pages"}],"about":[{"href":"http:\/\/ateneu24dejuny.cat\/index.php\/wp-json\/wp\/v2\/types\/page"}],"author":[{"embeddable":true,"href":"http:\/\/ateneu24dejuny.cat\/index.php\/wp-json\/wp\/v2\/users\/1"}],"replies":[{"embeddable":true,"href":"http:\/\/ateneu24dejuny.cat\/index.php\/wp-json\/wp\/v2\/comments?post=59"}],"version-history":[{"count":7,"href":"http:\/\/ateneu24dejuny.cat\/index.php\/wp-json\/wp\/v2\/pages\/59\/revisions"}],"predecessor-version":[{"id":694,"href":"http:\/\/ateneu24dejuny.cat\/index.php\/wp-json\/wp\/v2\/pages\/59\/revisions\/694"}],"wp:attachment":[{"href":"http:\/\/ateneu24dejuny.cat\/index.php\/wp-json\/wp\/v2\/media?parent=59"}],"curies":[{"name":"wp","href":"https:\/\/api.w.org\/{rel}","templated":true}]}}