{"id":85,"date":"2020-02-12T20:24:26","date_gmt":"2020-02-12T19:24:26","guid":{"rendered":"http:\/\/ateneu24dejuny.cat\/?page_id=85"},"modified":"2022-09-24T14:09:05","modified_gmt":"2022-09-24T12:09:05","slug":"fires-populars","status":"publish","type":"page","link":"http:\/\/ateneu24dejuny.cat\/index.php\/fires-populars\/","title":{"rendered":"Fires populars"},"content":{"rendered":"<h4 align=\"center\">Fires populars<\/h4>\n<p>L\u2019Ateneu est\u00e0 comprom\u00e8s amb Les Fires Populars, que van n\u00e9ixer l\u2019any 1999 de la m\u00e0 de diverses entitats c\u00edviques de Girona amb l\u2019objectiu d\u2019acostar la festa major de Girona, les Fires, als barris on cada entitat desenvolupa la seva tasca di\u00e0ria. Una iniciativa amb la voluntat de sumar complicitats, de complementar i d\u2019enriquir l\u2019oferta l\u00fadica i cultural, fer de les Fires Populars un espai participatiu i democr\u00e0tic, tot generant l\u2019oportunitat de crear coses noves a la ciutat i entenent el carrer com un espai de reivindicaci\u00f3, comuni\u00f3, creaci\u00f3 i expressi\u00f3 art\u00edstica.<\/p>\n<p><a href=\"https:\/\/firespopularsgirona.wordpress.com\/\" target=\"_blank\" rel=\"noopener noreferrer\">Fires Populars Girona<\/a><\/p>\n","protected":false},"excerpt":{"rendered":"<p>Fires populars L\u2019Ateneu est\u00e0 comprom\u00e8s amb Les Fires Populars, que van n\u00e9ixer l\u2019any 1999 de la m\u00e0 de diverses entitats c\u00edviques de Girona amb l\u2019objectiu d\u2019acostar la festa major de Girona, les Fires, als barris on cada entitat desenvolupa la seva tasca di\u00e0ria. Una iniciativa amb la voluntat de sumar &hellip;<\/p>\n","protected":false},"author":1,"featured_media":0,"parent":0,"menu_order":0,"comment_status":"closed","ping_status":"closed","template":"","meta":{"_mc_calendar":[],"footnotes":""},"class_list":["post-85","page","type-page","status-publish","hentry"],"aioseo_notices":[],"_links":{"self":[{"href":"http:\/\/ateneu24dejuny.cat\/index.php\/wp-json\/wp\/v2\/pages\/85","targetHints":{"allow":["GET"]}}],"collection":[{"href":"http:\/\/ateneu24dejuny.cat\/index.php\/wp-json\/wp\/v2\/pages"}],"about":[{"href":"http:\/\/ateneu24dejuny.cat\/index.php\/wp-json\/wp\/v2\/types\/page"}],"author":[{"embeddable":true,"href":"http:\/\/ateneu24dejuny.cat\/index.php\/wp-json\/wp\/v2\/users\/1"}],"replies":[{"embeddable":true,"href":"http:\/\/ateneu24dejuny.cat\/index.php\/wp-json\/wp\/v2\/comments?post=85"}],"version-history":[{"count":7,"href":"http:\/\/ateneu24dejuny.cat\/index.php\/wp-json\/wp\/v2\/pages\/85\/revisions"}],"predecessor-version":[{"id":478,"href":"http:\/\/ateneu24dejuny.cat\/index.php\/wp-json\/wp\/v2\/pages\/85\/revisions\/478"}],"wp:attachment":[{"href":"http:\/\/ateneu24dejuny.cat\/index.php\/wp-json\/wp\/v2\/media?parent=85"}],"curies":[{"name":"wp","href":"https:\/\/api.w.org\/{rel}","templated":true}]}}